{"id":1089,"date":"2024-03-28T19:59:58","date_gmt":"2024-03-28T19:59:58","guid":{"rendered":"https:\/\/institutosanpedro.cl\/inicio\/?page_id=1089"},"modified":"2026-04-07T15:40:54","modified_gmt":"2026-04-07T15:40:54","slug":"talleres","status":"publish","type":"page","link":"https:\/\/institutosanpedro.cl\/inicio\/talleres\/","title":{"rendered":"Talleres"},"content":{"rendered":"\t\t<div data-elementor-type=\"wp-page\" data-elementor-id=\"1089\" class=\"elementor elementor-1089\" data-elementor-post-type=\"page\">\n\t\t\t\t<div class=\"elementor-element elementor-element-5d8ba74 e-con-full e-flex e-con e-parent\" data-id=\"5d8ba74\" data-element_type=\"container\" data-settings=\"{&quot;background_background&quot;:&quot;classic&quot;}\">\n\t\t\t\t<\/div>\n\t\t<div class=\"elementor-element elementor-element-7788825a e-flex e-con-boxed e-con e-parent\" data-id=\"7788825a\" data-element_type=\"container\">\n\t\t\t\t\t<div class=\"e-con-inner\">\n\t\t\t\t<div class=\"elementor-element elementor-element-5ba4abc1 elementor-widget elementor-widget-spacer\" data-id=\"5ba4abc1\" data-element_type=\"widget\" data-widget_type=\"spacer.default\">\n\t\t\t\t<div class=\"elementor-widget-container\">\n\t\t\t\t\t\t\t<div class=\"elementor-spacer\">\n\t\t\t<div class=\"elementor-spacer-inner\"><\/div>\n\t\t<\/div>\n\t\t\t\t\t\t<\/div>\n\t\t\t\t<\/div>\n\t\t\t\t\t<\/div>\n\t\t\t\t<\/div>\n\t\t<div class=\"elementor-element elementor-element-3be675ca e-flex e-con-boxed e-con e-parent\" data-id=\"3be675ca\" data-element_type=\"container\">\n\t\t\t\t\t<div class=\"e-con-inner\">\n\t\t\t\t<div class=\"elementor-element elementor-element-13a33443 elementor-widget elementor-widget-text-editor\" data-id=\"13a33443\" data-element_type=\"widget\" data-widget_type=\"text-editor.default\">\n\t\t\t\t<div class=\"elementor-widget-container\">\n\t\t\t\t\t\t\t\t\t<p>Los talleres extra program\u00e1ticos forman parte de la propuesta formativa integral que ofrece el Colegio Instituto San Pedro a sus ni\u00f1as, ni\u00f1os y j\u00f3venes.<\/p><p>Su prop\u00f3sito es generar experiencias formativas que permitan desplegar los talentos, las habilidades, aptitudes e intereses que los estudiantes posean en las m\u00e1s diversas \u00e1reas del saber y el conocimiento<\/p><p>Es as\u00ed, como las actividades complementarias est\u00e1n constituidas por\u00a0<strong>talleres<\/strong>\u00a0deportivos, art\u00edsticos y culturales.<\/p><p>La coordinaci\u00f3n de talleres est\u00e1 a cargo del profesor de educaci\u00f3n f\u00edsica \u00a0Sr. <strong>Christian Chinchilla Rojas<\/strong>, quien se encarga de la programaci\u00f3n, supervisi\u00f3n y evaluaci\u00f3n de las actividades educativas extraescolares recreativas del tiempo libre.<\/p>\t\t\t\t\t\t\t\t<\/div>\n\t\t\t\t<\/div>\n\t\t\t\t\t<\/div>\n\t\t\t\t<\/div>\n\t\t<div class=\"elementor-element elementor-element-28b9099a e-con-full e-flex e-con e-parent\" data-id=\"28b9099a\" data-element_type=\"container\">\n\t\t<div class=\"elementor-element elementor-element-4b39d605 e-con-full e-flex e-con e-child\" data-id=\"4b39d605\" data-element_type=\"container\" data-settings=\"{&quot;background_background&quot;:&quot;classic&quot;}\">\n\t\t\t\t<div class=\"elementor-element elementor-element-1507f828 elementor-cta--skin-cover elementor-animated-content elementor-bg-transform elementor-bg-transform-zoom-in elementor-widget elementor-widget-call-to-action\" data-id=\"1507f828\" data-element_type=\"widget\" data-widget_type=\"call-to-action.default\">\n\t\t\t\t<div class=\"elementor-widget-container\">\n\t\t\t\t\t\t\t<div class=\"elementor-cta\">\n\t\t\t\t\t<div class=\"elementor-cta__bg-wrapper\">\n\t\t\t\t<div class=\"elementor-cta__bg elementor-bg\" style=\"background-image: url();\" role=\"img\" aria-label=\"\"><\/div>\n\t\t\t\t<div class=\"elementor-cta__bg-overlay\"><\/div>\n\t\t\t<\/div>\n\t\t\t\t\t\t\t<div class=\"elementor-cta__content\">\n\t\t\t\t\n\t\t\t\t\t\t\t\t\t<h2 class=\"elementor-cta__title elementor-cta__content-item elementor-content-item elementor-animated-item--grow\">\n\t\t\t\t\t\tListado de Talleres\t\t\t\t\t<\/h2>\n\t\t\t\t\n\t\t\t\t\n\t\t\t\t\t\t\t\t\t<div class=\"elementor-cta__button-wrapper elementor-cta__content-item elementor-content-item elementor-animated-item--grow\">\n\t\t\t\t\t<a class=\"elementor-cta__button elementor-button elementor-size-\" href=\"https:\/\/institutosanpedro.cl\/inicio\/wp-content\/uploads\/2026\/04\/HORARIOS-TALLERES-EXTRAESCOLARES-2026-CISP.pdf\">\n\t\t\t\t\t\tVER\t\t\t\t\t<\/a>\n\t\t\t\t\t<\/div>\n\t\t\t\t\t\t\t<\/div>\n\t\t\t\t\t\t<\/div>\n\t\t\t\t\t\t<\/div>\n\t\t\t\t<\/div>\n\t\t\t\t<div class=\"elementor-element elementor-element-7766cf7 elementor-cta--skin-cover elementor-animated-content elementor-bg-transform elementor-bg-transform-zoom-in elementor-widget elementor-widget-call-to-action\" data-id=\"7766cf7\" data-element_type=\"widget\" data-widget_type=\"call-to-action.default\">\n\t\t\t\t<div class=\"elementor-widget-container\">\n\t\t\t\t\t\t\t<div class=\"elementor-cta\">\n\t\t\t\t\t<div class=\"elementor-cta__bg-wrapper\">\n\t\t\t\t<div class=\"elementor-cta__bg elementor-bg\" style=\"background-image: url();\" role=\"img\" aria-label=\"\"><\/div>\n\t\t\t\t<div class=\"elementor-cta__bg-overlay\"><\/div>\n\t\t\t<\/div>\n\t\t\t\t\t\t\t<div class=\"elementor-cta__content\">\n\t\t\t\t\n\t\t\t\t\t\t\t\t\t<h2 class=\"elementor-cta__title elementor-cta__content-item elementor-content-item elementor-animated-item--grow\">\n\t\t\t\t\t\tAlumnos Inscritos por Taller\t\t\t\t\t<\/h2>\n\t\t\t\t\n\t\t\t\t\n\t\t\t\t\t\t\t\t\t<div class=\"elementor-cta__button-wrapper elementor-cta__content-item elementor-content-item elementor-animated-item--grow\">\n\t\t\t\t\t<a class=\"elementor-cta__button elementor-button elementor-size-\" href=\"https:\/\/institutosanpedro.cl\/inicio\/wp-content\/uploads\/2025\/04\/NOMINA-INSCRITOS-POR-TALLER-2025.pdf\">\n\t\t\t\t\t\tVER\t\t\t\t\t<\/a>\n\t\t\t\t\t<\/div>\n\t\t\t\t\t\t\t<\/div>\n\t\t\t\t\t\t<\/div>\n\t\t\t\t\t\t<\/div>\n\t\t\t\t<\/div>\n\t\t\t\t<\/div>\n\t\t\t\t<\/div>\n\t\t\t\t<section class=\"elementor-section elementor-top-section elementor-element elementor-element-272135d5 elementor-section-boxed elementor-section-height-default elementor-section-height-default\" data-id=\"272135d5\" data-element_type=\"section\">\n\t\t\t\t\t\t<div class=\"elementor-container elementor-column-gap-default\">\n\t\t\t\t\t<div class=\"elementor-column elementor-col-100 elementor-top-column elementor-element elementor-element-3813dfd7\" data-id=\"3813dfd7\" data-element_type=\"column\">\n\t\t\t<div class=\"elementor-widget-wrap elementor-element-populated\">\n\t\t\t\t\t\t<div class=\"elementor-element elementor-element-72e72354 elementor-widget elementor-widget-spacer\" data-id=\"72e72354\" data-element_type=\"widget\" data-widget_type=\"spacer.default\">\n\t\t\t\t<div class=\"elementor-widget-container\">\n\t\t\t\t\t\t\t<div class=\"elementor-spacer\">\n\t\t\t<div class=\"elementor-spacer-inner\"><\/div>\n\t\t<\/div>\n\t\t\t\t\t\t<\/div>\n\t\t\t\t<\/div>\n\t\t\t\t\t<\/div>\n\t\t<\/div>\n\t\t\t\t\t<\/div>\n\t\t<\/section>\n\t\t\t\t<section class=\"elementor-section elementor-top-section elementor-element elementor-element-2d70fe16 elementor-section-full_width elementor-section-height-min-height elementor-section-content-space-evenly elementor-section-stretched elementor-section-height-default elementor-section-items-middle\" data-id=\"2d70fe16\" data-element_type=\"section\" data-settings=\"{&quot;stretch_section&quot;:&quot;section-stretched&quot;,&quot;background_background&quot;:&quot;classic&quot;}\">\n\t\t\t\t\t\t<div class=\"elementor-container elementor-column-gap-no\">\n\t\t\t\t\t<div class=\"elementor-column elementor-col-100 elementor-top-column elementor-element elementor-element-6c369540\" data-id=\"6c369540\" data-element_type=\"column\">\n\t\t\t<div class=\"elementor-widget-wrap elementor-element-populated\">\n\t\t\t\t\t\t<div class=\"elementor-element elementor-element-7d302940 elementor-widget elementor-widget-widgetkit-for-elementor-animation-text\" data-id=\"7d302940\" data-element_type=\"widget\" data-widget_type=\"widgetkit-for-elementor-animation-text.default\">\n\t\t\t\t<div class=\"elementor-widget-container\">\n\t\t\t\t\t    <div class=\"animation-text\">\n        <div class=\"text-slide\">\n            <h2 class=\"cd-headline rotate-1\">\n                  \n                    <span>Colegio Instituto San Pedro<\/span>\n                                <span class=\"cd-words-wrapper\">\n                                                                <b class=\"is-visible\">62 a\u00f1os de Historia<\/b>\n                                            <b class=\"\">Educando<\/b>\n                                            <b class=\"\">Creando Lideres<\/b>\n                                    <\/span>\n                             <\/h2> <!-- cd-headline -->\n        <\/div> <!-- text-slide -->\n    <\/div><!-- animation-text -->\n\n        <script type=\"text\/javascript\">\n            jQuery(function($){\n                if(!$('body').hasClass('wk-animation-headline')){\n                    $('body').addClass('wk-animation-headline');\n                }\n            });\n\n        <\/script>\t\t\t\t<\/div>\n\t\t\t\t<\/div>\n\t\t\t\t\t<\/div>\n\t\t<\/div>\n\t\t\t\t\t<\/div>\n\t\t<\/section>\n\t\t\t\t<section class=\"elementor-section elementor-top-section elementor-element elementor-element-481cbf6d elementor-section-boxed elementor-section-height-default elementor-section-height-default\" data-id=\"481cbf6d\" data-element_type=\"section\" data-settings=\"{&quot;background_background&quot;:&quot;classic&quot;}\">\n\t\t\t\t\t\t<div class=\"elementor-container elementor-column-gap-default\">\n\t\t\t\t\t<div class=\"elementor-column elementor-col-33 elementor-top-column elementor-element elementor-element-586338a5\" data-id=\"586338a5\" data-element_type=\"column\">\n\t\t\t<div class=\"elementor-widget-wrap elementor-element-populated\">\n\t\t\t\t\t\t<div class=\"elementor-element elementor-element-5cdcf0a1 elementor-position-top elementor-widget elementor-widget-image-box\" data-id=\"5cdcf0a1\" data-element_type=\"widget\" data-widget_type=\"image-box.default\">\n\t\t\t\t<div class=\"elementor-widget-container\">\n\t\t\t\t\t<div class=\"elementor-image-box-wrapper\"><figure class=\"elementor-image-box-img\"><a href=\"tel:412282998\" tabindex=\"-1\"><img decoding=\"async\" src=\"https:\/\/institutosanpedro.cl\/inicio\/wp-content\/uploads\/elementor\/thumbs\/call-blanco-rfpuiu080o4pjvxskhn3yhkesf53hng7woi5hf475o.png\" title=\"call-blanco\" alt=\"call-blanco\" loading=\"lazy\" \/><\/a><\/figure><div class=\"elementor-image-box-content\"><h3 class=\"elementor-image-box-title\"><a href=\"tel:412282998\">41-228 29 98<\/a><\/h3><\/div><\/div>\t\t\t\t<\/div>\n\t\t\t\t<\/div>\n\t\t\t\t\t<\/div>\n\t\t<\/div>\n\t\t\t\t<div class=\"elementor-column elementor-col-33 elementor-top-column elementor-element elementor-element-2d83efb0\" data-id=\"2d83efb0\" data-element_type=\"column\">\n\t\t\t<div class=\"elementor-widget-wrap elementor-element-populated\">\n\t\t\t\t\t\t<div class=\"elementor-element elementor-element-c92d58 elementor-position-top elementor-widget elementor-widget-image-box\" data-id=\"c92d58\" data-element_type=\"widget\" data-widget_type=\"image-box.default\">\n\t\t\t\t<div class=\"elementor-widget-container\">\n\t\t\t\t\t<div class=\"elementor-image-box-wrapper\"><figure class=\"elementor-image-box-img\"><img decoding=\"async\" src=\"https:\/\/institutosanpedro.cl\/inicio\/wp-content\/uploads\/elementor\/thumbs\/Logo-Blanco-rfpuiu080o4pjvxskhn3yhkesf53hng7woi5hf475o.png\" title=\"Logo-Blanco\" alt=\"Logo-Blanco\" loading=\"lazy\" \/><\/figure><div class=\"elementor-image-box-content\"><h3 class=\"elementor-image-box-title\">Colegio Instituto San Pedro<\/h3><\/div><\/div>\t\t\t\t<\/div>\n\t\t\t\t<\/div>\n\t\t\t\t\t<\/div>\n\t\t<\/div>\n\t\t\t\t<div class=\"elementor-column elementor-col-33 elementor-top-column elementor-element elementor-element-455f38c8\" data-id=\"455f38c8\" data-element_type=\"column\">\n\t\t\t<div class=\"elementor-widget-wrap elementor-element-populated\">\n\t\t\t\t\t\t<div class=\"elementor-element elementor-element-6675619a elementor-position-top elementor-widget elementor-widget-image-box\" data-id=\"6675619a\" data-element_type=\"widget\" data-widget_type=\"image-box.default\">\n\t\t\t\t<div class=\"elementor-widget-container\">\n\t\t\t\t\t<div class=\"elementor-image-box-wrapper\"><figure class=\"elementor-image-box-img\"><a href=\"https:\/\/maps.app.goo.gl\/FeJFdP3QqZ7KRLgy7\" tabindex=\"-1\"><img decoding=\"async\" src=\"https:\/\/institutosanpedro.cl\/inicio\/wp-content\/uploads\/elementor\/thumbs\/here-blanco-rfpuiu080o4pjvxskhn3yhkesf53hng7woi5hf475o.png\" title=\"here-blanco\" alt=\"here-blanco\" loading=\"lazy\" \/><\/a><\/figure><div class=\"elementor-image-box-content\"><h3 class=\"elementor-image-box-title\"><a href=\"https:\/\/maps.app.goo.gl\/FeJFdP3QqZ7KRLgy7\">Las Violetas 1975, San Pedro de la Paz<\/a><\/h3><\/div><\/div>\t\t\t\t<\/div>\n\t\t\t\t<\/div>\n\t\t\t\t\t<\/div>\n\t\t<\/div>\n\t\t\t\t\t<\/div>\n\t\t<\/section>\n\t\t\t\t<\/div>\n\t\t","protected":false},"excerpt":{"rendered":"<p>Los talleres extra program\u00e1ticos forman parte de la propuesta formativa integral que ofrece el Colegio Instituto San Pedro a sus ni\u00f1as, ni\u00f1os y j\u00f3venes. Su prop\u00f3sito es generar experiencias formativas [&hellip;]<\/p>\n","protected":false},"author":2,"featured_media":0,"parent":0,"menu_order":0,"comment_status":"closed","ping_status":"closed","template":"elementor_header_footer","meta":{"footnotes":""},"class_list":["post-1089","page","type-page","status-publish","hentry"],"_links":{"self":[{"href":"https:\/\/institutosanpedro.cl\/inicio\/wp-json\/wp\/v2\/pages\/1089","targetHints":{"allow":["GET"]}}],"collection":[{"href":"https:\/\/institutosanpedro.cl\/inicio\/wp-json\/wp\/v2\/pages"}],"about":[{"href":"https:\/\/institutosanpedro.cl\/inicio\/wp-json\/wp\/v2\/types\/page"}],"author":[{"embeddable":true,"href":"https:\/\/institutosanpedro.cl\/inicio\/wp-json\/wp\/v2\/users\/2"}],"replies":[{"embeddable":true,"href":"https:\/\/institutosanpedro.cl\/inicio\/wp-json\/wp\/v2\/comments?post=1089"}],"version-history":[{"count":37,"href":"https:\/\/institutosanpedro.cl\/inicio\/wp-json\/wp\/v2\/pages\/1089\/revisions"}],"predecessor-version":[{"id":4947,"href":"https:\/\/institutosanpedro.cl\/inicio\/wp-json\/wp\/v2\/pages\/1089\/revisions\/4947"}],"wp:attachment":[{"href":"https:\/\/institutosanpedro.cl\/inicio\/wp-json\/wp\/v2\/media?parent=1089"}],"curies":[{"name":"wp","href":"https:\/\/api.w.org\/{rel}","templated":true}]}}