{"id":329,"date":"2023-12-18T16:25:22","date_gmt":"2023-12-18T16:25:22","guid":{"rendered":"https:\/\/institutosanpedro.cl\/inicio\/?page_id=329"},"modified":"2026-04-15T17:54:02","modified_gmt":"2026-04-15T17:54:02","slug":"mision-y-vison","status":"publish","type":"page","link":"https:\/\/institutosanpedro.cl\/inicio\/mision-y-vison\/","title":{"rendered":"Misi\u00f3n y Vis\u00f3n"},"content":{"rendered":"\t\t<div data-elementor-type=\"wp-page\" data-elementor-id=\"329\" class=\"elementor elementor-329\" data-elementor-post-type=\"page\">\n\t\t\t\t<div class=\"elementor-element elementor-element-4cd77f8f e-con-full e-flex e-con e-parent\" data-id=\"4cd77f8f\" data-element_type=\"container\" data-settings=\"{&quot;background_background&quot;:&quot;classic&quot;}\">\n\t\t\t\t<\/div>\n\t\t<div class=\"elementor-element elementor-element-7a2a8b12 e-flex e-con-boxed e-con e-parent\" data-id=\"7a2a8b12\" data-element_type=\"container\">\n\t\t\t\t\t<div class=\"e-con-inner\">\n\t\t\t\t<div class=\"elementor-element elementor-element-30f2926b elementor-widget elementor-widget-spacer\" data-id=\"30f2926b\" data-element_type=\"widget\" data-widget_type=\"spacer.default\">\n\t\t\t\t<div class=\"elementor-widget-container\">\n\t\t\t\t\t\t\t<div class=\"elementor-spacer\">\n\t\t\t<div class=\"elementor-spacer-inner\"><\/div>\n\t\t<\/div>\n\t\t\t\t\t\t<\/div>\n\t\t\t\t<\/div>\n\t\t\t\t\t<\/div>\n\t\t\t\t<\/div>\n\t\t<div class=\"elementor-element elementor-element-83abc36 e-flex e-con-boxed e-con e-parent\" data-id=\"83abc36\" data-element_type=\"container\" data-settings=\"{&quot;background_background&quot;:&quot;classic&quot;}\">\n\t\t\t\t\t<div class=\"e-con-inner\">\n\t\t<div class=\"elementor-element elementor-element-7043ea7 e-con-full e-flex e-con e-child\" data-id=\"7043ea7\" data-element_type=\"container\">\n\t\t\t\t<div class=\"elementor-element elementor-element-6fce20d elementor-widget elementor-widget-image\" data-id=\"6fce20d\" data-element_type=\"widget\" data-widget_type=\"image.default\">\n\t\t\t\t<div class=\"elementor-widget-container\">\n\t\t\t\t\t\t\t\t\t\t\t\t\t\t\t<img decoding=\"async\" src=\"https:\/\/institutosanpedro.cl\/inicio\/wp-content\/uploads\/elementor\/thumbs\/Mision2-rfpujct0sfvlahph1ugl17wbhzxqp03fcp8002q3q4.png\" title=\"Mision2\" alt=\"Mision2\" loading=\"lazy\" \/>\t\t\t\t\t\t\t\t\t\t\t\t\t\t\t<\/div>\n\t\t\t\t<\/div>\n\t\t\t\t<\/div>\n\t\t<div class=\"elementor-element elementor-element-25a01da e-con-full e-flex e-con e-child\" data-id=\"25a01da\" data-element_type=\"container\">\n\t\t\t\t<div class=\"elementor-element elementor-element-ed3f9f5 elementor-widget elementor-widget-widgetkit-for-elementor-animation-text\" data-id=\"ed3f9f5\" data-element_type=\"widget\" data-widget_type=\"widgetkit-for-elementor-animation-text.default\">\n\t\t\t\t<div class=\"elementor-widget-container\">\n\t\t\t\t\t    <div class=\"animation-text\">\n        <div class=\"text-slide\">\n            <h2 class=\"cd-headline rotate-1\">\n                                <span class=\"cd-words-wrapper\">\n                                                                <b class=\"is-visible\">Misi\u00f3n<\/b>\n                                    <\/span>\n                             <\/h2> <!-- cd-headline -->\n        <\/div> <!-- text-slide -->\n    <\/div><!-- animation-text -->\n\n        <script type=\"text\/javascript\">\n            jQuery(function($){\n                if(!$('body').hasClass('wk-animation-headline')){\n                    $('body').addClass('wk-animation-headline');\n                }\n            });\n\n        <\/script>\t\t\t\t<\/div>\n\t\t\t\t<\/div>\n\t\t\t\t<div class=\"elementor-element elementor-element-3ec5284 elementor-widget elementor-widget-text-editor\" data-id=\"3ec5284\" data-element_type=\"widget\" data-widget_type=\"text-editor.default\">\n\t\t\t\t<div class=\"elementor-widget-container\">\n\t\t\t\t\t\t\t\t\t<p>Somos un colegio laico de inspiraci\u00f3n cristiana y conciencia ecol\u00f3gica que por medio de una ense\u00f1anza cient\u00edfico humanista, en un ambiente de respeto y solidaridad, desarrolla habilidades cognitivas, art\u00edsticas y deportivas para que nuestros egresados enfrenten exitosamente su educaci\u00f3n superior con responsabilidad, tolerancia y honestidad.<\/p>\t\t\t\t\t\t\t\t<\/div>\n\t\t\t\t<\/div>\n\t\t\t\t<\/div>\n\t\t\t\t\t<\/div>\n\t\t\t\t<\/div>\n\t\t<div class=\"elementor-element elementor-element-6510fb8 e-flex e-con-boxed e-con e-parent\" data-id=\"6510fb8\" data-element_type=\"container\" data-settings=\"{&quot;background_background&quot;:&quot;classic&quot;}\">\n\t\t\t\t\t<div class=\"e-con-inner\">\n\t\t<div class=\"elementor-element elementor-element-136eee5 e-con-full e-flex e-con e-child\" data-id=\"136eee5\" data-element_type=\"container\">\n\t\t\t\t<div class=\"elementor-element elementor-element-629c700 elementor-widget elementor-widget-image\" data-id=\"629c700\" data-element_type=\"widget\" data-widget_type=\"image.default\">\n\t\t\t\t<div class=\"elementor-widget-container\">\n\t\t\t\t\t\t\t\t\t\t\t\t\t\t\t<img decoding=\"async\" src=\"https:\/\/institutosanpedro.cl\/inicio\/wp-content\/uploads\/elementor\/thumbs\/vision-rfpujct0sfvlahph1ugl17wbhzxqp03fcp8002q3q4.png\" title=\"vision\" alt=\"vision\" loading=\"lazy\" \/>\t\t\t\t\t\t\t\t\t\t\t\t\t\t\t<\/div>\n\t\t\t\t<\/div>\n\t\t\t\t<\/div>\n\t\t<div class=\"elementor-element elementor-element-5f1a745 e-con-full e-flex e-con e-child\" data-id=\"5f1a745\" data-element_type=\"container\">\n\t\t\t\t<div class=\"elementor-element elementor-element-86949d9 elementor-widget elementor-widget-widgetkit-for-elementor-animation-text\" data-id=\"86949d9\" data-element_type=\"widget\" data-widget_type=\"widgetkit-for-elementor-animation-text.default\">\n\t\t\t\t<div class=\"elementor-widget-container\">\n\t\t\t\t\t    <div class=\"animation-text\">\n        <div class=\"text-slide\">\n            <h2 class=\"cd-headline rotate-1\">\n                                <span class=\"cd-words-wrapper\">\n                                                                <b class=\"is-visible\">Visi\u00f3n<\/b>\n                                    <\/span>\n                             <\/h2> <!-- cd-headline -->\n        <\/div> <!-- text-slide -->\n    <\/div><!-- animation-text -->\n\n        <script type=\"text\/javascript\">\n            jQuery(function($){\n                if(!$('body').hasClass('wk-animation-headline')){\n                    $('body').addClass('wk-animation-headline');\n                }\n            });\n\n        <\/script>\t\t\t\t<\/div>\n\t\t\t\t<\/div>\n\t\t\t\t<div class=\"elementor-element elementor-element-2db7e5e elementor-widget elementor-widget-text-editor\" data-id=\"2db7e5e\" data-element_type=\"widget\" data-widget_type=\"text-editor.default\">\n\t\t\t\t<div class=\"elementor-widget-container\">\n\t\t\t\t\t\t\t\t\t<p>En los pr\u00f3ximos cuatro a\u00f1os aspiramos a estar posicionados en la comuna de San Pedro de la Paz como una Instituci\u00f3n Educativa de resultados acad\u00e9micos de excelencia, que forma estudiantes respetuosos, honestos y solidarios. Reconocidos por su conciencia ecol\u00f3gica y exitosa continuidad de estudios.<\/p>\t\t\t\t\t\t\t\t<\/div>\n\t\t\t\t<\/div>\n\t\t\t\t<\/div>\n\t\t\t\t\t<\/div>\n\t\t\t\t<\/div>\n\t\t\t\t<section class=\"elementor-section elementor-top-section elementor-element elementor-element-563f7e1e elementor-section-boxed elementor-section-height-default elementor-section-height-default\" data-id=\"563f7e1e\" data-element_type=\"section\">\n\t\t\t\t\t\t<div class=\"elementor-container elementor-column-gap-default\">\n\t\t\t\t\t<div class=\"elementor-column elementor-col-100 elementor-top-column elementor-element elementor-element-781148e4\" data-id=\"781148e4\" data-element_type=\"column\">\n\t\t\t<div class=\"elementor-widget-wrap elementor-element-populated\">\n\t\t\t\t\t\t<div class=\"elementor-element elementor-element-9771277 elementor-widget elementor-widget-spacer\" data-id=\"9771277\" data-element_type=\"widget\" data-widget_type=\"spacer.default\">\n\t\t\t\t<div class=\"elementor-widget-container\">\n\t\t\t\t\t\t\t<div class=\"elementor-spacer\">\n\t\t\t<div class=\"elementor-spacer-inner\"><\/div>\n\t\t<\/div>\n\t\t\t\t\t\t<\/div>\n\t\t\t\t<\/div>\n\t\t\t\t\t<\/div>\n\t\t<\/div>\n\t\t\t\t\t<\/div>\n\t\t<\/section>\n\t\t\t\t<section class=\"elementor-section elementor-top-section elementor-element elementor-element-56529624 elementor-section-full_width elementor-section-height-min-height elementor-section-content-space-evenly elementor-section-stretched elementor-section-height-default elementor-section-items-middle\" data-id=\"56529624\" data-element_type=\"section\" data-settings=\"{&quot;stretch_section&quot;:&quot;section-stretched&quot;,&quot;background_background&quot;:&quot;classic&quot;}\">\n\t\t\t\t\t\t<div class=\"elementor-container elementor-column-gap-no\">\n\t\t\t\t\t<div class=\"elementor-column elementor-col-100 elementor-top-column elementor-element elementor-element-55d66d02\" data-id=\"55d66d02\" data-element_type=\"column\">\n\t\t\t<div class=\"elementor-widget-wrap elementor-element-populated\">\n\t\t\t\t\t\t<div class=\"elementor-element elementor-element-11b03c22 elementor-widget elementor-widget-widgetkit-for-elementor-animation-text\" data-id=\"11b03c22\" data-element_type=\"widget\" data-widget_type=\"widgetkit-for-elementor-animation-text.default\">\n\t\t\t\t<div class=\"elementor-widget-container\">\n\t\t\t\t\t    <div class=\"animation-text\">\n        <div class=\"text-slide\">\n            <h2 class=\"cd-headline rotate-1\">\n                  \n                    <span>Colegio Instituto San Pedro<\/span>\n                                <span class=\"cd-words-wrapper\">\n                                                                <b class=\"is-visible\">64 a\u00f1os de Historia<\/b>\n                                            <b class=\"\">Educando<\/b>\n                                            <b class=\"\">Creando Lideres<\/b>\n                                    <\/span>\n                             <\/h2> <!-- cd-headline -->\n        <\/div> <!-- text-slide -->\n    <\/div><!-- animation-text -->\n\n        <script type=\"text\/javascript\">\n            jQuery(function($){\n                if(!$('body').hasClass('wk-animation-headline')){\n                    $('body').addClass('wk-animation-headline');\n                }\n            });\n\n        <\/script>\t\t\t\t<\/div>\n\t\t\t\t<\/div>\n\t\t\t\t\t<\/div>\n\t\t<\/div>\n\t\t\t\t\t<\/div>\n\t\t<\/section>\n\t\t\t\t<section class=\"elementor-section elementor-top-section elementor-element elementor-element-67e9b67b elementor-section-boxed elementor-section-height-default elementor-section-height-default\" data-id=\"67e9b67b\" data-element_type=\"section\" data-settings=\"{&quot;background_background&quot;:&quot;classic&quot;}\">\n\t\t\t\t\t\t<div class=\"elementor-container elementor-column-gap-default\">\n\t\t\t\t\t<div class=\"elementor-column elementor-col-33 elementor-top-column elementor-element elementor-element-aa04c49\" data-id=\"aa04c49\" data-element_type=\"column\">\n\t\t\t<div class=\"elementor-widget-wrap elementor-element-populated\">\n\t\t\t\t\t\t<div class=\"elementor-element elementor-element-3b579356 elementor-position-top elementor-widget elementor-widget-image-box\" data-id=\"3b579356\" data-element_type=\"widget\" data-widget_type=\"image-box.default\">\n\t\t\t\t<div class=\"elementor-widget-container\">\n\t\t\t\t\t<div class=\"elementor-image-box-wrapper\"><figure class=\"elementor-image-box-img\"><a href=\"tel:412282998\" tabindex=\"-1\"><img decoding=\"async\" src=\"https:\/\/institutosanpedro.cl\/inicio\/wp-content\/uploads\/elementor\/thumbs\/call-blanco-rfpuiu080o4pjvxskhn3yhkesf53hng7woi5hf475o.png\" title=\"call-blanco\" alt=\"call-blanco\" loading=\"lazy\" \/><\/a><\/figure><div class=\"elementor-image-box-content\"><h3 class=\"elementor-image-box-title\"><a href=\"tel:412282998\">41-228 29 98<\/a><\/h3><\/div><\/div>\t\t\t\t<\/div>\n\t\t\t\t<\/div>\n\t\t\t\t\t<\/div>\n\t\t<\/div>\n\t\t\t\t<div class=\"elementor-column elementor-col-33 elementor-top-column elementor-element elementor-element-7cd29366\" data-id=\"7cd29366\" data-element_type=\"column\">\n\t\t\t<div class=\"elementor-widget-wrap elementor-element-populated\">\n\t\t\t\t\t\t<div class=\"elementor-element elementor-element-3ed5c658 elementor-position-top elementor-widget elementor-widget-image-box\" data-id=\"3ed5c658\" data-element_type=\"widget\" data-widget_type=\"image-box.default\">\n\t\t\t\t<div class=\"elementor-widget-container\">\n\t\t\t\t\t<div class=\"elementor-image-box-wrapper\"><figure class=\"elementor-image-box-img\"><img decoding=\"async\" src=\"https:\/\/institutosanpedro.cl\/inicio\/wp-content\/uploads\/elementor\/thumbs\/Logo-Blanco-rfpuiu080o4pjvxskhn3yhkesf53hng7woi5hf475o.png\" title=\"Logo-Blanco\" alt=\"Logo-Blanco\" loading=\"lazy\" \/><\/figure><div class=\"elementor-image-box-content\"><h3 class=\"elementor-image-box-title\">Colegio Instituto San Pedro<\/h3><\/div><\/div>\t\t\t\t<\/div>\n\t\t\t\t<\/div>\n\t\t\t\t\t<\/div>\n\t\t<\/div>\n\t\t\t\t<div class=\"elementor-column elementor-col-33 elementor-top-column elementor-element elementor-element-4d43b830\" data-id=\"4d43b830\" data-element_type=\"column\">\n\t\t\t<div class=\"elementor-widget-wrap elementor-element-populated\">\n\t\t\t\t\t\t<div class=\"elementor-element elementor-element-43bc426a elementor-position-top elementor-widget elementor-widget-image-box\" data-id=\"43bc426a\" data-element_type=\"widget\" data-widget_type=\"image-box.default\">\n\t\t\t\t<div class=\"elementor-widget-container\">\n\t\t\t\t\t<div class=\"elementor-image-box-wrapper\"><figure class=\"elementor-image-box-img\"><a href=\"https:\/\/maps.app.goo.gl\/FeJFdP3QqZ7KRLgy7\" tabindex=\"-1\"><img decoding=\"async\" src=\"https:\/\/institutosanpedro.cl\/inicio\/wp-content\/uploads\/elementor\/thumbs\/here-blanco-rfpuiu080o4pjvxskhn3yhkesf53hng7woi5hf475o.png\" title=\"here-blanco\" alt=\"here-blanco\" loading=\"lazy\" \/><\/a><\/figure><div class=\"elementor-image-box-content\"><h3 class=\"elementor-image-box-title\"><a href=\"https:\/\/maps.app.goo.gl\/FeJFdP3QqZ7KRLgy7\">Las Violetas 1975, San Pedro de la Paz<\/a><\/h3><\/div><\/div>\t\t\t\t<\/div>\n\t\t\t\t<\/div>\n\t\t\t\t\t<\/div>\n\t\t<\/div>\n\t\t\t\t\t<\/div>\n\t\t<\/section>\n\t\t\t\t<\/div>\n\t\t","protected":false},"excerpt":{"rendered":"<p>Misi\u00f3n Somos un colegio laico de inspiraci\u00f3n cristiana y conciencia ecol\u00f3gica que por medio de una ense\u00f1anza cient\u00edfico humanista, en un ambiente de respeto y solidaridad, desarrolla habilidades cognitivas, art\u00edsticas [&hellip;]<\/p>\n","protected":false},"author":2,"featured_media":0,"parent":0,"menu_order":0,"comment_status":"closed","ping_status":"closed","template":"elementor_header_footer","meta":{"footnotes":""},"class_list":["post-329","page","type-page","status-publish","hentry"],"_links":{"self":[{"href":"https:\/\/institutosanpedro.cl\/inicio\/wp-json\/wp\/v2\/pages\/329","targetHints":{"allow":["GET"]}}],"collection":[{"href":"https:\/\/institutosanpedro.cl\/inicio\/wp-json\/wp\/v2\/pages"}],"about":[{"href":"https:\/\/institutosanpedro.cl\/inicio\/wp-json\/wp\/v2\/types\/page"}],"author":[{"embeddable":true,"href":"https:\/\/institutosanpedro.cl\/inicio\/wp-json\/wp\/v2\/users\/2"}],"replies":[{"embeddable":true,"href":"https:\/\/institutosanpedro.cl\/inicio\/wp-json\/wp\/v2\/comments?post=329"}],"version-history":[{"count":25,"href":"https:\/\/institutosanpedro.cl\/inicio\/wp-json\/wp\/v2\/pages\/329\/revisions"}],"predecessor-version":[{"id":5029,"href":"https:\/\/institutosanpedro.cl\/inicio\/wp-json\/wp\/v2\/pages\/329\/revisions\/5029"}],"wp:attachment":[{"href":"https:\/\/institutosanpedro.cl\/inicio\/wp-json\/wp\/v2\/media?parent=329"}],"curies":[{"name":"wp","href":"https:\/\/api.w.org\/{rel}","templated":true}]}}